{"id":6229,"date":"2026-03-12T11:28:51","date_gmt":"2026-03-12T10:28:51","guid":{"rendered":"https:\/\/www.lou-broustaricq.com\/devenir-proprietaires\/"},"modified":"2026-03-12T16:39:02","modified_gmt":"2026-03-12T15:39:02","slug":"devenir-proprietaires","status":"publish","type":"page","link":"https:\/\/www.lou-broustaricq.com\/es\/devenir-proprietaires\/","title":{"rendered":"\u00a1Hazte propietario!"},"content":{"rendered":"\n<div class=\"is-layout-flow wp-block-group alignfull diaporama-header L-00\">\n<figure class=\"wp-block-image size-full fc-auto\"><img decoding=\"async\" width=\"1920\" height=\"1281\" src=\"https:\/\/www.lou-broustaricq.com\/wp-content\/uploads\/2026\/03\/famille-lac.webp\" alt=\"\" class=\"wp-image-6137\" srcset=\"https:\/\/www.lou-broustaricq.com\/wp-content\/uploads\/2026\/03\/famille-lac.webp 1920w, https:\/\/www.lou-broustaricq.com\/wp-content\/uploads\/2026\/03\/famille-lac-300x200.webp 300w, https:\/\/www.lou-broustaricq.com\/wp-content\/uploads\/2026\/03\/famille-lac-1024x683.webp 1024w, https:\/\/www.lou-broustaricq.com\/wp-content\/uploads\/2026\/03\/famille-lac-768x512.webp 768w, https:\/\/www.lou-broustaricq.com\/wp-content\/uploads\/2026\/03\/famille-lac-1536x1025.webp 1536w\" sizes=\"(max-width: 1920px) 100vw, 1920px\" title=\"\"><\/figure>\n<\/div>\n\n\n\n<div class=\"is-layout-flex wp-container-5 wp-block-columns reverse-mob L-10\">\n<div class=\"is-layout-flow wp-block-column\">\n<figure class=\"wp-block-image size-full fc-full\"><img decoding=\"async\" width=\"1920\" height=\"1279\" src=\"https:\/\/www.lou-broustaricq.com\/wp-content\/uploads\/2026\/03\/101.jpg\" alt=\"\" class=\"wp-image-6214\" srcset=\"https:\/\/www.lou-broustaricq.com\/wp-content\/uploads\/2026\/03\/101.jpg 1920w, https:\/\/www.lou-broustaricq.com\/wp-content\/uploads\/2026\/03\/101-300x200.jpg 300w, https:\/\/www.lou-broustaricq.com\/wp-content\/uploads\/2026\/03\/101-1024x682.jpg 1024w, https:\/\/www.lou-broustaricq.com\/wp-content\/uploads\/2026\/03\/101-768x512.jpg 768w, https:\/\/www.lou-broustaricq.com\/wp-content\/uploads\/2026\/03\/101-1536x1023.jpg 1536w\" sizes=\"(max-width: 1920px) 100vw, 1920px\" title=\"\"><\/figure>\n<\/div>\n\n\n\n<div class=\"is-layout-flow wp-block-column col-texte has-marron-clair-background-color has-background\">\n<h1 class=\"has-bleu-color has-text-color\">Hazte residente en el Camping Lou Broustaricq ****<\/h1>\n\n\n\n<h2 class=\"h3\"><strong>Tu casa de vacaciones en el coraz\u00f3n de las Landas.<\/strong><\/h2>\n\n\n\n<p>\u00bfY si por fin tuvieras tu propio destino de vacaciones, listo para recibirte en cada escapada?<\/p>\n\n\n\n<p>El camping Lou Broustaricq ofrece parcelas para tu autocaravana.<\/p>\n\n\n\n<p>Reg\u00e1late un pied-\u00e0-terre en plena naturaleza, en un entorno acogedor y privilegiado a orillas del lago Sanguinet. Nuestro camping de 18 hect\u00e1reas, plantado de \u00e1rboles, es un lugar donde reunirse, frenar y compartir. <\/p>\n\n\n\n<p>Disfrutar\u00e1s de un lugar donde se ha pensado en todo para tu descanso: instalaciones de calidad, servicios completos y un ambiente familiar que ha hecho la reputaci\u00f3n de nuestro camping durante muchos a\u00f1os.<\/p>\n\n\n\n<p>Aqu\u00ed, cada estancia es sencilla, c\u00f3moda y rejuvenecedora.<\/p>\n\n\n\n<div class=\"is-layout-flex wp-block-buttons\"><\/div>\n<\/div>\n<\/div>\n\n\n\n<div class=\"is-layout-constrained wp-block-group\">\n<h2 class=\"has-text-align-center has-marron-color has-text-color\">Preguntas m\u00e1s frecuentes<\/h2>\n\n\n\n<div class=\"is-layout-flex wp-container-10 wp-block-columns\">\n<div class=\"is-layout-flow wp-block-column\">\n<div class=\"is-layout-constrained wp-block-group\">\n<div class=\"wp-block-fc-gut-accordeon fc-desk\"><p class=\"has-text-align-left btn-accordeon\">\u00bfPor qu\u00e9 convertirse en propietario con nosotros?<\/p>\n<p>Convertirte en propietario de nuestro camping significa disfrutar de una casa de vacaciones en un entorno natural privilegiado, al tiempo que te beneficias de las instalaciones y servicios de un establecimiento de 4 estrellas.<\/p>\n<\/div>\n\n\n\n<div class=\"wp-block-fc-gut-accordeon fc-desk\"><p class=\"has-text-align-left btn-accordeon\">\u00bfCu\u00e1les son las ventajas de ser propietario en lugar de inquilino?<\/p>\n<p>Dispones de tu propia casa m\u00f3vil, disponible en cualquier momento durante el periodo de apertura del camping, sin tener que reservar ni preparar tus vacaciones.<\/p>\n<\/div>\n\n\n\n<div class=\"wp-block-fc-gut-accordeon fc-desk\"><p class=\"has-text-align-left btn-accordeon\">\u00bfD\u00f3nde se encuentra el camping?<\/p>\n<p>Situado en Sanguinet, al sur de la cuenca de Arcachon, el camping est\u00e1 en el coraz\u00f3n del bosque de las Landas, al borde del lago m\u00e1s bello de las Landas, y a pocos minutos del oc\u00e9ano, en un entorno natural, tranquilo y virgen.<\/p>\n<\/div>\n\n\n\n<div class=\"wp-block-fc-gut-accordeon fc-desk\"><p class=\"has-text-align-left btn-accordeon\">\u00bfSe puede elegir la parcela?<\/p>\n<p>El n\u00famero de parcelas disponibles es limitado. Sin embargo, puedes elegir entre las parcelas disponibles para encontrar la que mejor se adapte a tus necesidades. La parcela s\u00f3lo se reservar\u00e1 si se adquiere un compromiso en firme (sin reserva previa).  <\/p>\n<\/div>\n\n\n\n<div class=\"wp-block-fc-gut-accordeon fc-desk\"><p class=\"has-text-align-left btn-accordeon\">\u00bfSe puede vivir todo el a\u00f1o en el camping?<\/p>\n<p>El camping est\u00e1 abierto a los residentes del 15 de febrero al 15 de noviembre, lo que te da 9 meses de acceso gratuito al camping y a sus instalaciones.<\/p>\n<\/div>\n\n\n\n<div class=\"wp-block-fc-gut-accordeon fc-desk\"><p class=\"has-text-align-left btn-accordeon\">\u00bfCu\u00e1nto cuesta?<\/p>\n<p>Si a\u00fan no tienes una autocaravana, podemos ponerte en contacto con varios distribuidores, con precios a partir de 29.900 euros y una media de 50.000 euros para un modelo reciente bien equipado y con terraza. Por nuestra parte, el alquiler anual de la parcela es de 4.559 euros, es decir, 380 euros al mes. Si lo deseas, puedes pagarlo a plazos.  <\/p>\n<\/div>\n\n\n\n<div class=\"wp-block-fc-gut-accordeon fc-desk\"><p class=\"has-text-align-left btn-accordeon\">\u00bfQu\u00e9 otros gastos hay que prever?<\/p>\n<p>Adem\u00e1s del alquiler de la parcela, s\u00f3lo pagas el agua y la electricidad. Nada m\u00e1s. <\/p>\n<\/div>\n<\/div>\n\n\n\n<div class=\"wp-block-fc-gut-accordeon fc-desk\"><p class=\"has-text-align-left btn-accordeon\">\u00bfSe admiten animales?<\/p>\n<p>S\u00ed, se aceptan animales de compa\u00f1\u00eda (excepto perros categorizados).<\/p>\n<\/div>\n<\/div>\n\n\n\n<div class=\"is-layout-flow wp-block-column\">\n<div class=\"is-layout-constrained wp-block-group\">\n<div class=\"wp-block-fc-gut-accordeon fc-desk\"><p class=\"has-text-align-left btn-accordeon\">\u00bfSe puede acondicionar la parcela?<\/p>\n<p>S\u00ed, puedes urbanizar tu parcela de acuerdo con las normas del camping.<\/p>\n<\/div>\n\n\n\n<div class=\"wp-block-fc-gut-accordeon fc-desk\"><p class=\"has-text-align-left btn-accordeon\">\u00bfSe puede alquilar la casa m\u00f3vil cuando no la utilizamos?<\/p>\n<p>S\u00ed, en determinadas condiciones. Si deseas m\u00e1s informaci\u00f3n, ponte en contacto con nosotros directamente. <\/p>\n<\/div>\n\n\n\n<div class=\"wp-block-fc-gut-accordeon fc-desk\"><p class=\"has-text-align-left btn-accordeon\">\u00bfSe puede revender una casa m\u00f3vil?<\/p>\n<p>S\u00ed, puedes revender tu autocaravana. Si deseas revenderla en una parcela, deben cumplirse determinadas condiciones y debe concertarse una reuni\u00f3n entre el camping y los posibles compradores antes de cualquier venta. <\/p>\n<\/div>\n\n\n\n<div class=\"wp-block-fc-gut-accordeon fc-desk\"><p class=\"has-text-align-left btn-accordeon\">\u00bfHay alg\u00fan l\u00edmite de edad para mi mobil-home?<\/p>\n<p>No, mientras sigas siendo el propietario y est\u00e9 bien mantenida, no hay l\u00edmite de edad en nuestras condiciones. Si deseas venderla en una parcela, exigimos que tenga menos de 15 a\u00f1os, de lo contrario tendr\u00e1s que buscar un comprador fuera del camping y organizar el transporte. <\/p>\n<\/div>\n\n\n\n<div class=\"wp-block-fc-gut-accordeon fc-desk\"><p class=\"has-text-align-left btn-accordeon\">\u00bfEl camping es seguro?<\/p>\n<p>S\u00ed, el camping est\u00e1 vigilado y el acceso est\u00e1 controlado por barreras autom\u00e1ticas lectoras de matr\u00edculas, para garantizar la tranquilidad de los residentes y veraneantes. Sin embargo, tu casa m\u00f3vil y tus pertenencias siguen siendo tu responsabilidad. <\/p>\n<\/div>\n\n\n\n<div class=\"wp-block-fc-gut-accordeon fc-desk\"><p class=\"has-text-align-left btn-accordeon\">Estoy interesado\/a, \u00bfpuedo visitar el camping?<\/p>\n<p>Por supuesto que s\u00ed. Antes de comprometerte a largo plazo, es natural que quieras conocer el camping y su ambiente. Estaremos encantados de recibirte para una visita.  <\/p>\n<\/div>\n\n\n\n<div class=\"wp-block-fc-gut-accordeon fc-desk\"><p class=\"has-text-align-left btn-accordeon\">\u00bfC\u00f3mo puedo contactar con ustedes para obtener m\u00e1s informaci\u00f3n?<\/p>\n<p>Puedes utilizar la secci\u00f3n de contacto que aparece a continuaci\u00f3n para que te llamemos, o ponerte en contacto directamente con la recepci\u00f3n del camping en el 05 58 82 74 82. Te ofreceremos la oportunidad de participar en nuestra jornada de descubrimiento, dise\u00f1ada para presentarte el camping, o de concertar una reuni\u00f3n individual. Estaremos encantados de ayudarte.  <\/p>\n<\/div>\n<\/div>\n<\/div>\n<\/div>\n<\/div>\n\n\n\n<div class=\"is-layout-constrained wp-block-group has-bleu-fonce-background-color has-background\">\n<h2 class=\"has-text-align-center has-blanc-color has-text-color\">Me gustar\u00eda que se pusieran en contacto conmigo<\/h2>\n\n\n\n<div class=\"wpcf7 no-js\" id=\"wpcf7-f6243-o1\" lang=\"fr-FR\" dir=\"ltr\">\n<div class=\"screen-reader-response\"><p role=\"status\" aria-live=\"polite\" aria-atomic=\"true\"><\/p> <ul><\/ul><\/div>\n<form action=\"\/es\/wp-json\/wp\/v2\/pages\/6229#wpcf7-f6243-o1\" method=\"post\" class=\"wpcf7-form init\" aria-label=\"Contact form\" novalidate=\"novalidate\" data-status=\"init\">\n<div style=\"display: none;\">\n<input type=\"hidden\" name=\"_wpcf7\" value=\"6243\" \/>\n<input type=\"hidden\" name=\"_wpcf7_version\" value=\"5.7.5\" \/>\n<input type=\"hidden\" name=\"_wpcf7_locale\" value=\"fr_FR\" \/>\n<input type=\"hidden\" name=\"_wpcf7_unit_tag\" value=\"wpcf7-f6243-o1\" \/>\n<input type=\"hidden\" name=\"_wpcf7_container_post\" value=\"0\" \/>\n<input type=\"hidden\" name=\"_wpcf7_posted_data_hash\" value=\"\" \/>\n<input type=\"hidden\" name=\"_wpcf7_recaptcha_response\" value=\"\" \/>\n<\/div>\n<p><label> Apellido* <span class=\"wpcf7-form-control-wrap\" data-name=\"your-name\"><input size=\"40\" class=\"wpcf7-form-control wpcf7-text wpcf7-validates-as-required\" autocomplete=\"name\" aria-required=\"true\" aria-invalid=\"false\" value=\"\" type=\"text\" name=\"your-name\" \/><\/span> <\/label>\n<\/p>\n<p><label> Nombre* <span class=\"wpcf7-form-control-wrap\" data-name=\"text-prenom\"><input size=\"40\" class=\"wpcf7-form-control wpcf7-text wpcf7-validates-as-required\" aria-required=\"true\" aria-invalid=\"false\" value=\"\" type=\"text\" name=\"text-prenom\" \/><\/span> <\/label>\n<\/p>\n<p><label> Tel\u00e9fono* <span class=\"wpcf7-form-control-wrap\" data-name=\"tel-telephone\"><input size=\"40\" class=\"wpcf7-form-control wpcf7-text wpcf7-tel wpcf7-validates-as-required wpcf7-validates-as-tel\" aria-required=\"true\" aria-invalid=\"false\" value=\"\" type=\"tel\" name=\"tel-telephone\" \/><\/span> <\/label>\n<\/p>\n<p><label> Correo electr\u00f3nico* <span class=\"wpcf7-form-control-wrap\" data-name=\"your-email\"><input size=\"40\" class=\"wpcf7-form-control wpcf7-text wpcf7-email wpcf7-validates-as-required wpcf7-validates-as-email\" autocomplete=\"email\" aria-required=\"true\" aria-invalid=\"false\" value=\"\" type=\"email\" name=\"your-email\" \/><\/span> <\/label>\n<\/p>\n<p class=\"big\"><label> Tu mensaje* <span class=\"wpcf7-form-control-wrap\" data-name=\"your-message\"><textarea cols=\"40\" rows=\"10\" class=\"wpcf7-form-control wpcf7-textarea wpcf7-validates-as-required\" aria-required=\"true\" aria-invalid=\"false\" name=\"your-message\"><\/textarea><\/span> <\/label>\n<\/p>\n<p class=\"big\"><span class=\"wpcf7-form-control-wrap\" data-name=\"acceptance-888\"><span class=\"wpcf7-form-control wpcf7-acceptance\"><span class=\"wpcf7-list-item\"><label><input type=\"checkbox\" name=\"acceptance-888\" value=\"1\" aria-invalid=\"false\" \/><span class=\"wpcf7-list-item-label\">Acepto las condiciones mencionadas en la <a href=\"\/es\/confidencialidad-y-datos-personales\/\">pol\u00edtica de privacidad<\/a><\/span><\/label><\/span><\/span><\/span>\n<\/p>\n\n<p><input class=\"wpcf7-form-control has-spinner wpcf7-submit\" type=\"submit\" value=\"Enviar\" \/>\n<\/p><p style=\"display: none !important;\"><label>&#916;<textarea name=\"_wpcf7_ak_hp_textarea\" cols=\"45\" rows=\"8\" maxlength=\"100\"><\/textarea><\/label><input type=\"hidden\" id=\"ak_js_1\" name=\"_wpcf7_ak_js\" value=\"172\"\/><script>document.getElementById( \"ak_js_1\" ).setAttribute( \"value\", ( new Date() ).getTime() );<\/script><\/p><div class=\"wpcf7-response-output\" aria-hidden=\"true\"><\/div>\n<\/form>\n<\/div>\n\n<\/div>\n","protected":false},"excerpt":{"rendered":"<p>Hazte residente en el Camping Lou Broustaricq **** Tu casa de vacaciones en el coraz\u00f3n de las Landas. \u00bfY si por fin tuvieras tu propio destino de vacaciones, listo para recibirte en cada escapada? El camping Lou Broustaricq ofrece parcelas para tu autocaravana. Reg\u00e1late un pied-\u00e0-terre en plena naturaleza, en un entorno acogedor y privilegiado [&hellip;]<\/p>\n","protected":false},"author":1,"featured_media":0,"parent":0,"menu_order":0,"comment_status":"closed","ping_status":"closed","template":"","meta":[],"acf":[],"_links":{"self":[{"href":"https:\/\/www.lou-broustaricq.com\/es\/wp-json\/wp\/v2\/pages\/6229"}],"collection":[{"href":"https:\/\/www.lou-broustaricq.com\/es\/wp-json\/wp\/v2\/pages"}],"about":[{"href":"https:\/\/www.lou-broustaricq.com\/es\/wp-json\/wp\/v2\/types\/page"}],"author":[{"embeddable":true,"href":"https:\/\/www.lou-broustaricq.com\/es\/wp-json\/wp\/v2\/users\/1"}],"replies":[{"embeddable":true,"href":"https:\/\/www.lou-broustaricq.com\/es\/wp-json\/wp\/v2\/comments?post=6229"}],"version-history":[{"count":3,"href":"https:\/\/www.lou-broustaricq.com\/es\/wp-json\/wp\/v2\/pages\/6229\/revisions"}],"predecessor-version":[{"id":6247,"href":"https:\/\/www.lou-broustaricq.com\/es\/wp-json\/wp\/v2\/pages\/6229\/revisions\/6247"}],"wp:attachment":[{"href":"https:\/\/www.lou-broustaricq.com\/es\/wp-json\/wp\/v2\/media?parent=6229"}],"curies":[{"name":"wp","href":"https:\/\/api.w.org\/{rel}","templated":true}]}}