{"id":6232,"date":"2026-03-12T11:28:51","date_gmt":"2026-03-12T10:28:51","guid":{"rendered":"https:\/\/www.lou-broustaricq.com\/devenir-proprietaires\/"},"modified":"2026-03-12T16:43:10","modified_gmt":"2026-03-12T15:43:10","slug":"devenir-proprietaires","status":"publish","type":"page","link":"https:\/\/www.lou-broustaricq.com\/de\/devenir-proprietaires\/","title":{"rendered":"Werden Sie Eigent\u00fcmer!"},"content":{"rendered":"\n<div class=\"is-layout-flow wp-block-group alignfull diaporama-header L-00\">\n<figure class=\"wp-block-image size-full fc-auto\"><img decoding=\"async\" width=\"1920\" height=\"1281\" src=\"https:\/\/www.lou-broustaricq.com\/wp-content\/uploads\/2026\/03\/famille-lac.webp\" alt=\"\" class=\"wp-image-6137\" srcset=\"https:\/\/www.lou-broustaricq.com\/wp-content\/uploads\/2026\/03\/famille-lac.webp 1920w, https:\/\/www.lou-broustaricq.com\/wp-content\/uploads\/2026\/03\/famille-lac-300x200.webp 300w, https:\/\/www.lou-broustaricq.com\/wp-content\/uploads\/2026\/03\/famille-lac-1024x683.webp 1024w, https:\/\/www.lou-broustaricq.com\/wp-content\/uploads\/2026\/03\/famille-lac-768x512.webp 768w, https:\/\/www.lou-broustaricq.com\/wp-content\/uploads\/2026\/03\/famille-lac-1536x1025.webp 1536w\" sizes=\"(max-width: 1920px) 100vw, 1920px\" title=\"\"><\/figure>\n<\/div>\n\n\n\n<div class=\"is-layout-flex wp-container-5 wp-block-columns reverse-mob L-10\">\n<div class=\"is-layout-flow wp-block-column\">\n<figure class=\"wp-block-image size-full fc-full\"><img decoding=\"async\" width=\"1920\" height=\"1279\" src=\"https:\/\/www.lou-broustaricq.com\/wp-content\/uploads\/2026\/03\/101.jpg\" alt=\"\" class=\"wp-image-6214\" srcset=\"https:\/\/www.lou-broustaricq.com\/wp-content\/uploads\/2026\/03\/101.jpg 1920w, https:\/\/www.lou-broustaricq.com\/wp-content\/uploads\/2026\/03\/101-300x200.jpg 300w, https:\/\/www.lou-broustaricq.com\/wp-content\/uploads\/2026\/03\/101-1024x682.jpg 1024w, https:\/\/www.lou-broustaricq.com\/wp-content\/uploads\/2026\/03\/101-768x512.jpg 768w, https:\/\/www.lou-broustaricq.com\/wp-content\/uploads\/2026\/03\/101-1536x1023.jpg 1536w\" sizes=\"(max-width: 1920px) 100vw, 1920px\" title=\"\"><\/figure>\n<\/div>\n\n\n\n<div class=\"is-layout-flow wp-block-column col-texte has-marron-clair-background-color has-background\">\n<h1 class=\"has-bleu-color has-text-color\">Werden Sie Bewohner des Campingplatzes Lou Broustaricq ****<\/h1>\n\n\n\n<h2 class=\"h3\"><strong>Ihre Ferienresidenz im Herzen der Landes.<\/strong><\/h2>\n\n\n\n<p>Was w\u00e4re, wenn Sie endlich Ihren eigenen Urlaubsort h\u00e4tten, der bereit ist, Sie bei jedem Ausflug zu empfangen?<\/p>\n\n\n\n<p>Der Campingplatz Lou Broustaricq verf\u00fcgt \u00fcber Stellpl\u00e4tze f\u00fcr Ihr Mobilheim.<\/p>\n\n\n\n<p>G\u00f6nnen Sie sich ein Zuhause im Herzen der Natur, in einer geselligen und privilegierten Umgebung, am Ufer des Sees von Sanguinet. Unser 18 Hektar gro\u00dfer, baumbestandener Campingplatz ist ein Ort, an dem Sie sich treffen, entschleunigen und mit anderen teilen k\u00f6nnen. <\/p>\n\n\n\n<p>Sie genie\u00dfen einen Ort, an dem alles auf Ihre Entspannung ausgerichtet ist: hochwertige Einrichtungen, umfassende Dienstleistungen und eine famili\u00e4re Atmosph\u00e4re, f\u00fcr die unser Campingplatz seit vielen Jahren bekannt ist.<\/p>\n\n\n\n<p>Hier wird jeder Aufenthalt einfach, komfortabel und erholsam.<\/p>\n\n\n\n<div class=\"is-layout-flex wp-block-buttons\"><\/div>\n<\/div>\n<\/div>\n\n\n\n<div class=\"is-layout-constrained wp-block-group\">\n<h2 class=\"has-text-align-center has-marron-color has-text-color\">H\u00e4ufig gestellte Fragen<\/h2>\n\n\n\n<div class=\"is-layout-flex wp-container-10 wp-block-columns\">\n<div class=\"is-layout-flow wp-block-column\">\n<div class=\"is-layout-constrained wp-block-group\">\n<div class=\"wp-block-fc-gut-accordeon fc-desk\"><p class=\"has-text-align-left btn-accordeon\">Warum sollten Sie bei uns Eigent\u00fcmer werden?<\/p>\n<p>Eigent\u00fcmer unseres Campingplatzes zu werden bedeutet, eine Ferienresidenz in einer privilegierten nat\u00fcrlichen Umgebung zu genie\u00dfen und gleichzeitig von der Infrastruktur und den Dienstleistungen einer 4-Sterne-Anlage zu profitieren.<\/p>\n<\/div>\n\n\n\n<div class=\"wp-block-fc-gut-accordeon fc-desk\"><p class=\"has-text-align-left btn-accordeon\">Was sind die Vorteile, Eigent\u00fcmer statt Mieter zu sein?<\/p>\n<p>Sie verf\u00fcgen \u00fcber Ihr eigenes Mobilheim, das jederzeit w\u00e4hrend der \u00d6ffnungszeiten des Campingplatzes verf\u00fcgbar ist, ohne dass Sie Ihren Urlaub buchen oder vorbereiten m\u00fcssen.<\/p>\n<\/div>\n\n\n\n<div class=\"wp-block-fc-gut-accordeon fc-desk\"><p class=\"has-text-align-left btn-accordeon\">Wo befindet sich der Campingplatz?<\/p>\n<p>Der Campingplatz liegt in Sanguinet, s\u00fcdlich der Bucht von Arcachon, im Herzen des Landes-Waldes, am Rande des sch\u00f6nsten Sees der Landes und nur wenige Minuten vom Ozean entfernt, in einer nat\u00fcrlichen, ruhigen und gesch\u00fctzten Umgebung.<\/p>\n<\/div>\n\n\n\n<div class=\"wp-block-fc-gut-accordeon fc-desk\"><p class=\"has-text-align-left btn-accordeon\">Kann man sich sein Grundst\u00fcck aussuchen?<\/p>\n<p>Die Anzahl der verf\u00fcgbaren Parzellen ist begrenzt. Es ist jedoch m\u00f6glich, unter den verf\u00fcgbaren Parzellen zu w\u00e4hlen, um die Lage zu finden, die Ihren W\u00fcnschen am besten entspricht. Die Parzelle wird nur bei einer festen Zusage reserviert (keine Vorreservierung).  <\/p>\n<\/div>\n\n\n\n<div class=\"wp-block-fc-gut-accordeon fc-desk\"><p class=\"has-text-align-left btn-accordeon\">Kann man das ganze Jahr \u00fcber auf dem Campingplatz leben?<\/p>\n<p>Der Campingplatz ist f\u00fcr Bewohner vom 15. Februar bis 15. November ge\u00f6ffnet, so dass Sie 9 Monate lang freien Zugang zum Campingplatz und den Einrichtungen haben.<\/p>\n<\/div>\n\n\n\n<div class=\"wp-block-fc-gut-accordeon fc-desk\"><p class=\"has-text-align-left btn-accordeon\">Wie viel kostet das?<\/p>\n<p>Wenn Sie noch kein Mobilheim haben, k\u00f6nnen wir Sie mit verschiedenen H\u00e4ndlern in Kontakt bringen, deren Preise bei 29.900 \u20ac beginnen und im Durchschnitt 50.000 \u20ac f\u00fcr ein neues, gut ausgestattetes Modell mit Terrasse betragen. Die j\u00e4hrliche Miete f\u00fcr den Stellplatz betr\u00e4gt 4.559 \u20ac, d.h. 380 \u20ac pro Monat. Die Miete ist in Raten zahlbar, wenn Sie es w\u00fcnschen.  <\/p>\n<\/div>\n\n\n\n<div class=\"wp-block-fc-gut-accordeon fc-desk\"><p class=\"has-text-align-left btn-accordeon\">Mit welchen weiteren Kosten ist zu rechnen?<\/p>\n<p>Neben der Miete f\u00fcr das Grundst\u00fcck zahlen Sie nur Ihren Wasser- und Stromverbrauch. Sonst nichts. <\/p>\n<\/div>\n<\/div>\n\n\n\n<div class=\"wp-block-fc-gut-accordeon fc-desk\"><p class=\"has-text-align-left btn-accordeon\">Les animaux sont-ils les bienvenus ?<\/p>\n<p>Ja, Haustiere sind erlaubt (au\u00dfer kategorisierten Hunden).<\/p>\n<\/div>\n<\/div>\n\n\n\n<div class=\"is-layout-flow wp-block-column\">\n<div class=\"is-layout-constrained wp-block-group\">\n<div class=\"wp-block-fc-gut-accordeon fc-desk\"><p class=\"has-text-align-left btn-accordeon\">Kann man sein Grundst\u00fcck bebauen?<\/p>\n<p>Ja, Sie k\u00f6nnen Ihre Parzelle im Rahmen der Campingplatzordnung einrichten.<\/p>\n<\/div>\n\n\n\n<div class=\"wp-block-fc-gut-accordeon fc-desk\"><p class=\"has-text-align-left btn-accordeon\">Kann man sein Mobilheim vermieten, wenn man es nicht nutzt?<\/p>\n<p>Ja, unter bestimmten Bedingungen. Wenn Sie weitere Informationen w\u00fcnschen, k\u00f6nnen Sie uns direkt kontaktieren. <\/p>\n<\/div>\n\n\n\n<div class=\"wp-block-fc-gut-accordeon fc-desk\"><p class=\"has-text-align-left btn-accordeon\">Kann man sein Mobilheim weiterverkaufen?<\/p>\n<p>Ja, Sie k\u00f6nnen Ihr Mobilheim weiterverkaufen. Wenn Sie es auf einer Parzelle verkaufen m\u00f6chten, m\u00fcssen Sie bestimmte Bedingungen erf\u00fcllen und vor dem Verkauf ein Treffen zwischen dem Campingplatz und den potenziellen K\u00e4ufern vereinbaren. <\/p>\n<\/div>\n\n\n\n<div class=\"wp-block-fc-gut-accordeon fc-desk\"><p class=\"has-text-align-left btn-accordeon\">Gibt es eine Altersbeschr\u00e4nkung f\u00fcr mein Mobilheim?<\/p>\n<p>Nein, solange Sie Eigent\u00fcmer bleiben und es gut gepflegt wird, ist in unseren Bedingungen keine Altersgrenze vorgesehen. Wenn Sie ihn auf einer Parzelle verkaufen m\u00f6chten, muss er weniger als 15 Jahre alt sein, ansonsten m\u00fcssen Sie einen K\u00e4ufer au\u00dferhalb des Campingplatzes finden und einen Transport organisieren. <\/p>\n<\/div>\n\n\n\n<div class=\"wp-block-fc-gut-accordeon fc-desk\"><p class=\"has-text-align-left btn-accordeon\">Ist der Campingplatz sicher?<\/p>\n<p>Ja, der Campingplatz wird \u00fcberwacht und der Zugang wird durch Schranken mit automatischer Nummernschilderkennung kontrolliert, um die Ruhe der Bewohner und Urlauber zu gew\u00e4hrleisten. Sie sind jedoch f\u00fcr Ihr Mobilheim und Ihr Eigentum verantwortlich. <\/p>\n<\/div>\n\n\n\n<div class=\"wp-block-fc-gut-accordeon fc-desk\"><p class=\"has-text-align-left btn-accordeon\">Ich bin interessiert, kann ich den Campingplatz besichtigen?<\/p>\n<p>Selbstverst\u00e4ndlich. Bevor Sie sich langfristig binden, ist es ganz nat\u00fcrlich, dass Sie die Umgebung und die Atmosph\u00e4re des Campingplatzes kennen lernen m\u00f6chten. Wir w\u00fcrden uns freuen, Sie zu einem Besuch begr\u00fc\u00dfen zu d\u00fcrfen.  <\/p>\n<\/div>\n\n\n\n<div class=\"wp-block-fc-gut-accordeon fc-desk\"><p class=\"has-text-align-left btn-accordeon\">Wie kann ich Sie f\u00fcr weitere Informationen erreichen?<\/p>\n<p>Sie k\u00f6nnen die untenstehende Rubrik Kontakt nutzen, um zur\u00fcckgerufen zu werden, oder sich direkt mit der Rezeption des Campingplatzes unter 05 58 82 74 82 in Verbindung setzen. Wir werden Ihnen vorschlagen, an unserem Entdeckungstag teilzunehmen, um Ihnen den Campingplatz zu zeigen oder ein pers\u00f6nliches Treffen zu vereinbaren. Wir freuen uns darauf, Sie bei Ihrem Vorhaben zu unterst\u00fctzen.  <\/p>\n<\/div>\n<\/div>\n<\/div>\n<\/div>\n<\/div>\n\n\n\n<div class=\"is-layout-constrained wp-block-group has-bleu-fonce-background-color has-background\">\n<h2 class=\"has-text-align-center has-blanc-color has-text-color\">Ich m\u00f6chte wieder kontaktiert werden<\/h2>\n\n\n\n<div class=\"wpcf7 no-js\" id=\"wpcf7-f6250-o1\" lang=\"fr-FR\" dir=\"ltr\">\n<div class=\"screen-reader-response\"><p role=\"status\" aria-live=\"polite\" aria-atomic=\"true\"><\/p> <ul><\/ul><\/div>\n<form action=\"\/de\/wp-json\/wp\/v2\/pages\/6232#wpcf7-f6250-o1\" method=\"post\" class=\"wpcf7-form init\" aria-label=\"Contact form\" novalidate=\"novalidate\" data-status=\"init\">\n<div style=\"display: none;\">\n<input type=\"hidden\" name=\"_wpcf7\" value=\"6250\" \/>\n<input type=\"hidden\" name=\"_wpcf7_version\" value=\"5.7.5\" \/>\n<input type=\"hidden\" name=\"_wpcf7_locale\" value=\"fr_FR\" \/>\n<input type=\"hidden\" name=\"_wpcf7_unit_tag\" value=\"wpcf7-f6250-o1\" \/>\n<input type=\"hidden\" name=\"_wpcf7_container_post\" value=\"0\" \/>\n<input type=\"hidden\" name=\"_wpcf7_posted_data_hash\" value=\"\" \/>\n<input type=\"hidden\" name=\"_wpcf7_recaptcha_response\" value=\"\" \/>\n<\/div>\n<p><label> Nachname* <span class=\"wpcf7-form-control-wrap\" data-name=\"your-name\"><input size=\"40\" class=\"wpcf7-form-control wpcf7-text wpcf7-validates-as-required\" autocomplete=\"name\" aria-required=\"true\" aria-invalid=\"false\" value=\"\" type=\"text\" name=\"your-name\" \/><\/span> <\/label>\n<\/p>\n<p><label> Vorname* <span class=\"wpcf7-form-control-wrap\" data-name=\"text-prenom\"><input size=\"40\" class=\"wpcf7-form-control wpcf7-text wpcf7-validates-as-required\" aria-required=\"true\" aria-invalid=\"false\" value=\"\" type=\"text\" name=\"text-prenom\" \/><\/span> <\/label>\n<\/p>\n<p><label> Telefon* <span class=\"wpcf7-form-control-wrap\" data-name=\"tel-telephone\"><input size=\"40\" class=\"wpcf7-form-control wpcf7-text wpcf7-tel wpcf7-validates-as-required wpcf7-validates-as-tel\" aria-required=\"true\" aria-invalid=\"false\" value=\"\" type=\"tel\" name=\"tel-telephone\" \/><\/span> <\/label>\n<\/p>\n<p><label> E-Mail* <span class=\"wpcf7-form-control-wrap\" data-name=\"your-email\"><input size=\"40\" class=\"wpcf7-form-control wpcf7-text wpcf7-email wpcf7-validates-as-required wpcf7-validates-as-email\" autocomplete=\"email\" aria-required=\"true\" aria-invalid=\"false\" value=\"\" type=\"email\" name=\"your-email\" \/><\/span> <\/label>\n<\/p>\n<p class=\"big\"><label> Ihre Nachricht* <span class=\"wpcf7-form-control-wrap\" data-name=\"your-message\"><textarea cols=\"40\" rows=\"10\" class=\"wpcf7-form-control wpcf7-textarea wpcf7-validates-as-required\" aria-required=\"true\" aria-invalid=\"false\" name=\"your-message\"><\/textarea><\/span> <\/label>\n<\/p>\n<p class=\"big\"><span class=\"wpcf7-form-control-wrap\" data-name=\"acceptance-888\"><span class=\"wpcf7-form-control wpcf7-acceptance\"><span class=\"wpcf7-list-item\"><label><input type=\"checkbox\" name=\"acceptance-888\" value=\"1\" aria-invalid=\"false\" \/><span class=\"wpcf7-list-item-label\">Ich akzeptiere die in der <a href=\"\/de\/datenschutz-und-personliche-daten\/\">Datenschutzerkl\u00e4rung<\/a><\/span><\/label><\/span><\/span><\/span>\n<\/p>\n\n<p><input class=\"wpcf7-form-control has-spinner wpcf7-submit\" type=\"submit\" value=\"Senden\" \/>\n<\/p><p style=\"display: none !important;\"><label>&#916;<textarea name=\"_wpcf7_ak_hp_textarea\" cols=\"45\" rows=\"8\" maxlength=\"100\"><\/textarea><\/label><input type=\"hidden\" id=\"ak_js_1\" name=\"_wpcf7_ak_js\" value=\"169\"\/><script>document.getElementById( \"ak_js_1\" ).setAttribute( \"value\", ( new Date() ).getTime() );<\/script><\/p><div class=\"wpcf7-response-output\" aria-hidden=\"true\"><\/div>\n<\/form>\n<\/div>\n\n<\/div>\n","protected":false},"excerpt":{"rendered":"<p>Werden Sie Bewohner des Campingplatzes Lou Broustaricq **** Ihre Ferienresidenz im Herzen der Landes. Was w\u00e4re, wenn Sie endlich Ihren eigenen Urlaubsort h\u00e4tten, der bereit ist, Sie bei jedem Ausflug zu empfangen? Der Campingplatz Lou Broustaricq verf\u00fcgt \u00fcber Stellpl\u00e4tze f\u00fcr Ihr Mobilheim. G\u00f6nnen Sie sich ein Zuhause im Herzen der Natur, in einer geselligen und [&hellip;]<\/p>\n","protected":false},"author":1,"featured_media":0,"parent":0,"menu_order":0,"comment_status":"closed","ping_status":"closed","template":"","meta":[],"acf":[],"_links":{"self":[{"href":"https:\/\/www.lou-broustaricq.com\/de\/wp-json\/wp\/v2\/pages\/6232"}],"collection":[{"href":"https:\/\/www.lou-broustaricq.com\/de\/wp-json\/wp\/v2\/pages"}],"about":[{"href":"https:\/\/www.lou-broustaricq.com\/de\/wp-json\/wp\/v2\/types\/page"}],"author":[{"embeddable":true,"href":"https:\/\/www.lou-broustaricq.com\/de\/wp-json\/wp\/v2\/users\/1"}],"replies":[{"embeddable":true,"href":"https:\/\/www.lou-broustaricq.com\/de\/wp-json\/wp\/v2\/comments?post=6232"}],"version-history":[{"count":2,"href":"https:\/\/www.lou-broustaricq.com\/de\/wp-json\/wp\/v2\/pages\/6232\/revisions"}],"predecessor-version":[{"id":6251,"href":"https:\/\/www.lou-broustaricq.com\/de\/wp-json\/wp\/v2\/pages\/6232\/revisions\/6251"}],"wp:attachment":[{"href":"https:\/\/www.lou-broustaricq.com\/de\/wp-json\/wp\/v2\/media?parent=6232"}],"curies":[{"name":"wp","href":"https:\/\/api.w.org\/{rel}","templated":true}]}}